{"id":27,"date":"2026-07-12T22:00:46","date_gmt":"2026-07-12T22:00:46","guid":{"rendered":"https:\/\/nick.mosi.love\/?page_id=27"},"modified":"2026-08-25T22:30:30","modified_gmt":"2026-08-25T22:30:30","slug":"explore","status":"publish","type":"page","link":"https:\/\/nick.mosi.love\/es\/explore\/","title":{"rendered":"Explorar"},"content":{"rendered":"<div data-elementor-type=\"wp-page\" data-elementor-id=\"27\" class=\"elementor elementor-27\">\n\t\t\t\t<div class=\"elementor-element elementor-element-43d4d6f e-con-full e-flex e-con e-parent\" data-id=\"43d4d6f\" data-element_type=\"container\" data-e-type=\"container\">\n\t\t<div class=\"elementor-element elementor-element-53f80be e-con-full e-flex e-con e-child\" data-id=\"53f80be\" data-element_type=\"container\" data-e-type=\"container\" data-settings=\"{&quot;background_background&quot;:&quot;classic&quot;}\">\n\t\t<div class=\"elementor-element elementor-element-5d75633 e-con-full e-flex e-con e-child\" data-id=\"5d75633\" data-element_type=\"container\" data-e-type=\"container\" data-settings=\"{&quot;background_background&quot;:&quot;classic&quot;}\">\n\t\t<div class=\"elementor-element elementor-element-0cb2cfc e-con-full e-flex e-con e-child\" data-id=\"0cb2cfc\" data-element_type=\"container\" data-e-type=\"container\">\n\t\t\t\t<div class=\"elementor-element elementor-element-14c8751 elementor-widget-tablet__width-initial elementor-widget elementor-widget-heading\" data-id=\"14c8751\" data-element_type=\"widget\" data-e-type=\"widget\" data-widget_type=\"heading.default\">\n\t\t\t\t\t<h1 class=\"elementor-heading-title elementor-size-default\">Explorar<\/h1>\t\t\t\t<\/div>\n\t\t\t\t<div class=\"elementor-element elementor-element-0d893e4 elementor-widget elementor-widget-heading\" data-id=\"0d893e4\" data-element_type=\"widget\" data-e-type=\"widget\" data-widget_type=\"heading.default\">\n\t\t\t\t\t<span class=\"elementor-heading-title elementor-size-default\">La Ciudad de la Eterna Primavera<\/span>\t\t\t\t<\/div>\n\t\t\t\t<div class=\"elementor-element elementor-element-2a5026c elementor-widget__width-initial text-wh elementor-widget-tablet__width-initial elementor-widget elementor-widget-text-editor\" data-id=\"2a5026c\" data-element_type=\"widget\" data-e-type=\"widget\" data-widget_type=\"text-editor.default\">\n\t\t\t\t\t\t\t\t\t<p>Convierte esto en un viaje completo. Aqu\u00ed tienes nuestras formas favoritas de experimentar Cuernavaca, el estado de Morelos y la Ciudad de M\u00e9xico.<\/p>\t\t\t\t\t\t\t\t<\/div>\n\t\t\t\t<\/div>\n\t\t\t\t<\/div>\n\t\t\t\t<\/div>\n\t\t<div class=\"elementor-element elementor-element-b8a9fe7 e-flex e-con-boxed e-con e-child\" data-id=\"b8a9fe7\" data-element_type=\"container\" data-e-type=\"container\">\n\t\t\t\t\t<div class=\"e-con-inner\">\n\t\t<div class=\"elementor-element elementor-element-e10f926 e-con-full explore-options e-flex e-con e-child\" data-id=\"e10f926\" data-element_type=\"container\" data-e-type=\"container\">\n\t\t\t\t<div class=\"elementor-element elementor-element-6ec4d01 elementor-widget elementor-widget-heading\" data-id=\"6ec4d01\" data-element_type=\"widget\" data-e-type=\"widget\" data-widget_type=\"heading.default\">\n\t\t\t\t\t<h6 class=\"elementor-heading-title elementor-size-default\">EN LA CIUDAD<\/h6>\t\t\t\t<\/div>\n\t\t\t\t<div class=\"elementor-element elementor-element-36b6249 elementor-widget elementor-widget-heading\" data-id=\"36b6249\" data-element_type=\"widget\" data-e-type=\"widget\" data-widget_type=\"heading.default\">\n\t\t\t\t\t<h2 class=\"elementor-heading-title elementor-size-default\">Cuernavaca<\/h2>\t\t\t\t<\/div>\n\t\t<div class=\"elementor-element elementor-element-e4148a8 e-grid e-con-full e-con e-child\" data-id=\"e4148a8\" data-element_type=\"container\" data-e-type=\"container\">\n\t\t<a class=\"elementor-element elementor-element-842fb95 e-con-full e-flex e-con e-child\" data-id=\"842fb95\" data-element_type=\"container\" data-e-type=\"container\" href=\"#\">\n\t\t<div class=\"elementor-element elementor-element-5efb9e0 e-con-full e-flex e-con e-child\" data-id=\"5efb9e0\" data-element_type=\"container\" data-e-type=\"container\">\n\t\t\t\t<div class=\"elementor-element elementor-element-6ed780f elementor-widget elementor-widget-image\" data-id=\"6ed780f\" data-element_type=\"widget\" data-e-type=\"widget\" data-widget_type=\"image.default\">\n\t\t\t\t\t\t\t\t\t\t\t\t\t\t\t<img fetchpriority=\"high\" decoding=\"async\" width=\"500\" height=\"375\" src=\"https:\/\/nick.mosi.love\/wp-content\/uploads\/cuernavaca.webp\" class=\"attachment-large size-large wp-image-403\" alt=\"\" srcset=\"https:\/\/nick.mosi.love\/wp-content\/uploads\/cuernavaca.webp 500w, https:\/\/nick.mosi.love\/wp-content\/uploads\/cuernavaca-300x225.webp 300w\" sizes=\"(max-width: 500px) 100vw, 500px\" \/>\t\t\t\t\t\t\t\t\t\t\t\t\t\t\t<\/div>\n\t\t<div class=\"elementor-element elementor-element-0d26b62 e-con-full e-flex e-con e-child\" data-id=\"0d26b62\" data-element_type=\"container\" data-e-type=\"container\" data-settings=\"{&quot;background_background&quot;:&quot;classic&quot;}\">\n\t\t\t\t<div class=\"elementor-element elementor-element-19f283a elementor-widget elementor-widget-heading\" data-id=\"19f283a\" data-element_type=\"widget\" data-e-type=\"widget\" data-widget_type=\"heading.default\">\n\t\t\t\t\t<h5 class=\"elementor-heading-title elementor-size-default\">El coraz\u00f3n hist\u00f3rico de Cuernavaca<\/h5>\t\t\t\t<\/div>\n\t\t\t\t<div class=\"elementor-element elementor-element-29055c4 elementor-widget elementor-widget-text-editor\" data-id=\"29055c4\" data-element_type=\"widget\" data-e-type=\"widget\" data-widget_type=\"text-editor.default\">\n\t\t\t\t\t\t\t\t\t<p>Explora el coraz\u00f3n colonial de la ciudad en un solo recorrido: el Palacio de Cort\u00e9s del siglo XVI con murales de Diego Rivera, la antigua Catedral amurallada y el exuberante Jard\u00edn Borda del siglo XVIII.<\/p>\t\t\t\t\t\t\t\t<\/div>\n\t\t\t\t<\/div>\n\t\t\t\t<\/div>\n\t\t\t\t<\/a>\n\t\t<a class=\"elementor-element elementor-element-6245443 e-con-full e-flex e-con e-child\" data-id=\"6245443\" data-element_type=\"container\" data-e-type=\"container\" href=\"https:\/\/lasmananitas.com.mx\/en\/restaurante\" target=\"_blank\">\n\t\t<div class=\"elementor-element elementor-element-c0da351 e-con-full e-flex e-con e-child\" data-id=\"c0da351\" data-element_type=\"container\" data-e-type=\"container\">\n\t\t\t\t<div class=\"elementor-element elementor-element-3dec167 elementor-widget elementor-widget-image\" data-id=\"3dec167\" data-element_type=\"widget\" data-e-type=\"widget\" data-widget_type=\"image.default\">\n\t\t\t\t\t\t\t\t\t\t\t\t\t\t\t<img decoding=\"async\" width=\"500\" height=\"375\" src=\"https:\/\/nick.mosi.love\/wp-content\/uploads\/las-mananitas-2.webp\" class=\"attachment-large size-large wp-image-399\" alt=\"\" srcset=\"https:\/\/nick.mosi.love\/wp-content\/uploads\/las-mananitas-2.webp 500w, https:\/\/nick.mosi.love\/wp-content\/uploads\/las-mananitas-2-300x225.webp 300w\" sizes=\"(max-width: 500px) 100vw, 500px\" \/>\t\t\t\t\t\t\t\t\t\t\t\t\t\t\t<\/div>\n\t\t<div class=\"elementor-element elementor-element-f0f412a e-con-full e-flex e-con e-child\" data-id=\"f0f412a\" data-element_type=\"container\" data-e-type=\"container\" data-settings=\"{&quot;background_background&quot;:&quot;classic&quot;}\">\n\t\t\t\t<div class=\"elementor-element elementor-element-7381581 elementor-widget elementor-widget-heading\" data-id=\"7381581\" data-element_type=\"widget\" data-e-type=\"widget\" data-widget_type=\"heading.default\">\n\t\t\t\t\t<h5 class=\"elementor-heading-title elementor-size-default\">Las Ma\u00f1anitas <span style=\"color: #BFA755\"> El favorito de Nick y Mosi<\/span><\/h5>\t\t\t\t<\/div>\n\t\t\t\t<div class=\"elementor-element elementor-element-26cbec3 elementor-widget elementor-widget-text-editor\" data-id=\"26cbec3\" data-element_type=\"widget\" data-e-type=\"widget\" data-widget_type=\"text-editor.default\">\n\t\t\t\t\t\t\t\t\t<p>Una instituci\u00f3n ic\u00f3nica de Cuernavaca: un restaurante con un jard\u00edn exuberante, famoso por sus pavos reales, su alta cocina mexicana, sus excelentes c\u00f3cteles y su atm\u00f3sfera atemporal.<\/p>\t\t\t\t\t\t\t\t<\/div>\n\t\t\t\t<\/div>\n\t\t\t\t<\/div>\n\t\t\t\t<\/a>\n\t\t<a class=\"elementor-element elementor-element-9c19ddc e-con-full e-flex e-con e-child\" data-id=\"9c19ddc\" data-element_type=\"container\" data-e-type=\"container\" href=\"https:\/\/www.casajacaranda.mx\/cuernavaca\" target=\"_blank\">\n\t\t<div class=\"elementor-element elementor-element-bca842a e-con-full e-flex e-con e-child\" data-id=\"bca842a\" data-element_type=\"container\" data-e-type=\"container\">\n\t\t\t\t<div class=\"elementor-element elementor-element-b489de6 elementor-widget elementor-widget-image\" data-id=\"b489de6\" data-element_type=\"widget\" data-e-type=\"widget\" data-widget_type=\"image.default\">\n\t\t\t\t\t\t\t\t\t\t\t\t\t\t\t<img decoding=\"async\" width=\"500\" height=\"375\" src=\"https:\/\/nick.mosi.love\/wp-content\/uploads\/casa-jacaranda.webp\" class=\"attachment-large size-large wp-image-396\" alt=\"\" srcset=\"https:\/\/nick.mosi.love\/wp-content\/uploads\/casa-jacaranda.webp 500w, https:\/\/nick.mosi.love\/wp-content\/uploads\/casa-jacaranda-300x225.webp 300w\" sizes=\"(max-width: 500px) 100vw, 500px\" \/>\t\t\t\t\t\t\t\t\t\t\t\t\t\t\t<\/div>\n\t\t<div class=\"elementor-element elementor-element-2e931bc e-con-full e-flex e-con e-child\" data-id=\"2e931bc\" data-element_type=\"container\" data-e-type=\"container\" data-settings=\"{&quot;background_background&quot;:&quot;classic&quot;}\">\n\t\t\t\t<div class=\"elementor-element elementor-element-a812f3d elementor-widget elementor-widget-heading\" data-id=\"a812f3d\" data-element_type=\"widget\" data-e-type=\"widget\" data-widget_type=\"heading.default\">\n\t\t\t\t\t<h5 class=\"elementor-heading-title elementor-size-default\">Casa Jacaranda<\/h5>\t\t\t\t<\/div>\n\t\t\t\t<div class=\"elementor-element elementor-element-549cc8a elementor-widget elementor-widget-text-editor\" data-id=\"549cc8a\" data-element_type=\"widget\" data-e-type=\"widget\" data-widget_type=\"text-editor.default\">\n\t\t\t\t\t\t\t\t\t<p>No tienes que ser mexicano para cocinar como un mexicano. Ve m\u00e1s all\u00e1 de los tacos y aprende a fondo los secretos de la verdadera cocina mexicana.<\/p>\t\t\t\t\t\t\t\t<\/div>\n\t\t\t\t<\/div>\n\t\t\t\t<\/div>\n\t\t\t\t<\/a>\n\t\t\t\t<\/div>\n\t\t\t\t<\/div>\n\t\t\t\t\t<\/div>\n\t\t\t\t<\/div>\n\t\t<div class=\"elementor-element elementor-element-3da53ea e-flex e-con-boxed e-con e-child\" data-id=\"3da53ea\" data-element_type=\"container\" data-e-type=\"container\" data-settings=\"{&quot;background_background&quot;:&quot;classic&quot;}\">\n\t\t\t\t\t<div class=\"e-con-inner\">\n\t\t<div class=\"elementor-element elementor-element-ad41f40 e-con-full explore-options e-flex e-con e-child\" data-id=\"ad41f40\" data-element_type=\"container\" data-e-type=\"container\">\n\t\t\t\t<div class=\"elementor-element elementor-element-4824d6e elementor-widget elementor-widget-heading\" data-id=\"4824d6e\" data-element_type=\"widget\" data-e-type=\"widget\" data-widget_type=\"heading.default\">\n\t\t\t\t\t<h6 class=\"elementor-heading-title elementor-size-default\">EXCURSIONES DE UN D\u00cdA<\/h6>\t\t\t\t<\/div>\n\t\t\t\t<div class=\"elementor-element elementor-element-96a9a16 elementor-widget elementor-widget-heading\" data-id=\"96a9a16\" data-element_type=\"widget\" data-e-type=\"widget\" data-widget_type=\"heading.default\">\n\t\t\t\t\t<h2 class=\"elementor-heading-title elementor-size-default\">El estado de Morelos<\/h2>\t\t\t\t<\/div>\n\t\t<div class=\"elementor-element elementor-element-db5f26a e-grid e-con-full e-con e-child\" data-id=\"db5f26a\" data-element_type=\"container\" data-e-type=\"container\">\n\t\t<a class=\"elementor-element elementor-element-9347a69 e-con-full e-flex e-con e-child\" data-id=\"9347a69\" data-element_type=\"container\" data-e-type=\"container\" href=\"#\">\n\t\t<div class=\"elementor-element elementor-element-45fb1ac e-con-full e-flex e-con e-child\" data-id=\"45fb1ac\" data-element_type=\"container\" data-e-type=\"container\">\n\t\t\t\t<div class=\"elementor-element elementor-element-f5bc206 elementor-widget elementor-widget-image\" data-id=\"f5bc206\" data-element_type=\"widget\" data-e-type=\"widget\" data-widget_type=\"image.default\">\n\t\t\t\t\t\t\t\t\t\t\t\t\t\t\t<img loading=\"lazy\" decoding=\"async\" width=\"500\" height=\"375\" src=\"https:\/\/nick.mosi.love\/wp-content\/uploads\/tepoztlan.webp\" class=\"attachment-large size-large wp-image-401\" alt=\"\" srcset=\"https:\/\/nick.mosi.love\/wp-content\/uploads\/tepoztlan.webp 500w, https:\/\/nick.mosi.love\/wp-content\/uploads\/tepoztlan-300x225.webp 300w\" sizes=\"(max-width: 500px) 100vw, 500px\" \/>\t\t\t\t\t\t\t\t\t\t\t\t\t\t\t<\/div>\n\t\t<div class=\"elementor-element elementor-element-48eb57e e-con-full e-flex e-con e-child\" data-id=\"48eb57e\" data-element_type=\"container\" data-e-type=\"container\" data-settings=\"{&quot;background_background&quot;:&quot;classic&quot;}\">\n\t\t\t\t<div class=\"elementor-element elementor-element-85dec14 elementor-widget elementor-widget-heading\" data-id=\"85dec14\" data-element_type=\"widget\" data-e-type=\"widget\" data-widget_type=\"heading.default\">\n\t\t\t\t\t<h5 class=\"elementor-heading-title elementor-size-default\">Tepoztl\u00e1n<\/h5>\t\t\t\t<\/div>\n\t\t\t\t<div class=\"elementor-element elementor-element-267c54d elementor-widget elementor-widget-text-editor\" data-id=\"267c54d\" data-element_type=\"widget\" data-e-type=\"widget\" data-widget_type=\"text-editor.default\">\n\t\t\t\t\t\t\t\t\t<p>Un pueblo m\u00e1gico con una pir\u00e1mide en la cima de un acantilado y un mercado vibrante.<\/p>\t\t\t\t\t\t\t\t<\/div>\n\t\t\t\t<\/div>\n\t\t\t\t<\/div>\n\t\t\t\t<\/a>\n\t\t<a class=\"elementor-element elementor-element-0dba169 e-con-full e-flex e-con e-child\" data-id=\"0dba169\" data-element_type=\"container\" data-e-type=\"container\" href=\"#\">\n\t\t<div class=\"elementor-element elementor-element-823767a e-con-full e-flex e-con e-child\" data-id=\"823767a\" data-element_type=\"container\" data-e-type=\"container\">\n\t\t\t\t<div class=\"elementor-element elementor-element-1e8e432 elementor-widget elementor-widget-image\" data-id=\"1e8e432\" data-element_type=\"widget\" data-e-type=\"widget\" data-widget_type=\"image.default\">\n\t\t\t\t\t\t\t\t\t\t\t\t\t\t\t<img loading=\"lazy\" decoding=\"async\" width=\"500\" height=\"375\" src=\"https:\/\/nick.mosi.love\/wp-content\/uploads\/tepozteco.webp\" class=\"attachment-large size-large wp-image-400\" alt=\"\" srcset=\"https:\/\/nick.mosi.love\/wp-content\/uploads\/tepozteco.webp 500w, https:\/\/nick.mosi.love\/wp-content\/uploads\/tepozteco-300x225.webp 300w\" sizes=\"(max-width: 500px) 100vw, 500px\" \/>\t\t\t\t\t\t\t\t\t\t\t\t\t\t\t<\/div>\n\t\t<div class=\"elementor-element elementor-element-870758b e-con-full e-flex e-con e-child\" data-id=\"870758b\" data-element_type=\"container\" data-e-type=\"container\" data-settings=\"{&quot;background_background&quot;:&quot;classic&quot;}\">\n\t\t\t\t<div class=\"elementor-element elementor-element-d7e9eaf elementor-widget elementor-widget-heading\" data-id=\"d7e9eaf\" data-element_type=\"widget\" data-e-type=\"widget\" data-widget_type=\"heading.default\">\n\t\t\t\t\t<h5 class=\"elementor-heading-title elementor-size-default\">Caminata a la pir\u00e1mide del Tepozteco<\/h5>\t\t\t\t<\/div>\n\t\t\t\t<div class=\"elementor-element elementor-element-e8954ec elementor-widget elementor-widget-text-editor\" data-id=\"e8954ec\" data-element_type=\"widget\" data-e-type=\"widget\" data-widget_type=\"text-editor.default\">\n\t\t\t\t\t\t\t\t\t<p>Una subida empinada pero gratificante hacia la antigua pir\u00e1mide del Tepozteco, encumbrada en lo alto de Tepoztl\u00e1n.\u00a0<\/p>\t\t\t\t\t\t\t\t<\/div>\n\t\t\t\t<\/div>\n\t\t\t\t<\/div>\n\t\t\t\t<\/a>\n\t\t<a class=\"elementor-element elementor-element-48084cf e-con-full e-flex e-con e-child\" data-id=\"48084cf\" data-element_type=\"container\" data-e-type=\"container\" href=\"#\">\n\t\t<div class=\"elementor-element elementor-element-928b692 e-con-full e-flex e-con e-child\" data-id=\"928b692\" data-element_type=\"container\" data-e-type=\"container\">\n\t\t\t\t<div class=\"elementor-element elementor-element-acc782a elementor-widget elementor-widget-image\" data-id=\"acc782a\" data-element_type=\"widget\" data-e-type=\"widget\" data-widget_type=\"image.default\">\n\t\t\t\t\t\t\t\t\t\t\t\t\t\t\t<img loading=\"lazy\" decoding=\"async\" width=\"500\" height=\"375\" src=\"https:\/\/nick.mosi.love\/wp-content\/uploads\/xochicalco-ruins.webp\" class=\"attachment-large size-large wp-image-402\" alt=\"\" srcset=\"https:\/\/nick.mosi.love\/wp-content\/uploads\/xochicalco-ruins.webp 500w, https:\/\/nick.mosi.love\/wp-content\/uploads\/xochicalco-ruins-300x225.webp 300w\" sizes=\"(max-width: 500px) 100vw, 500px\" \/>\t\t\t\t\t\t\t\t\t\t\t\t\t\t\t<\/div>\n\t\t<div class=\"elementor-element elementor-element-70d6bf2 e-con-full e-flex e-con e-child\" data-id=\"70d6bf2\" data-element_type=\"container\" data-e-type=\"container\" data-settings=\"{&quot;background_background&quot;:&quot;classic&quot;}\">\n\t\t\t\t<div class=\"elementor-element elementor-element-50ab5c5 elementor-widget elementor-widget-heading\" data-id=\"50ab5c5\" data-element_type=\"widget\" data-e-type=\"widget\" data-widget_type=\"heading.default\">\n\t\t\t\t\t<h5 class=\"elementor-heading-title elementor-size-default\">Ruinas de Xochicalco<\/h5>\t\t\t\t<\/div>\n\t\t\t\t<div class=\"elementor-element elementor-element-711ccf3 elementor-widget elementor-widget-text-editor\" data-id=\"711ccf3\" data-element_type=\"widget\" data-e-type=\"widget\" data-widget_type=\"text-editor.default\">\n\t\t\t\t\t\t\t\t\t<p>Un sitio arqueol\u00f3gico declarado Patrimonio de la Humanidad por la UNESCO, con vistas panor\u00e1micas al valle.<\/p>\t\t\t\t\t\t\t\t<\/div>\n\t\t\t\t<\/div>\n\t\t\t\t<\/div>\n\t\t\t\t<\/a>\n\t\t<a class=\"elementor-element elementor-element-d52633f e-con-full e-flex e-con e-child\" data-id=\"d52633f\" data-element_type=\"container\" data-e-type=\"container\" href=\"#\">\n\t\t<div class=\"elementor-element elementor-element-eb23cce e-con-full e-flex e-con e-child\" data-id=\"eb23cce\" data-element_type=\"container\" data-e-type=\"container\">\n\t\t\t\t<div class=\"elementor-element elementor-element-0df4f75 elementor-widget elementor-widget-image\" data-id=\"0df4f75\" data-element_type=\"widget\" data-e-type=\"widget\" data-widget_type=\"image.default\">\n\t\t\t\t\t\t\t\t\t\t\t\t\t\t\t<img loading=\"lazy\" decoding=\"async\" width=\"500\" height=\"375\" src=\"https:\/\/nick.mosi.love\/wp-content\/uploads\/las-estacas.webp\" class=\"attachment-large size-large wp-image-397\" alt=\"\" srcset=\"https:\/\/nick.mosi.love\/wp-content\/uploads\/las-estacas.webp 500w, https:\/\/nick.mosi.love\/wp-content\/uploads\/las-estacas-300x225.webp 300w\" sizes=\"(max-width: 500px) 100vw, 500px\" \/>\t\t\t\t\t\t\t\t\t\t\t\t\t\t\t<\/div>\n\t\t<div class=\"elementor-element elementor-element-8d5ece0 e-con-full e-flex e-con e-child\" data-id=\"8d5ece0\" data-element_type=\"container\" data-e-type=\"container\" data-settings=\"{&quot;background_background&quot;:&quot;classic&quot;}\">\n\t\t\t\t<div class=\"elementor-element elementor-element-30f5365 elementor-widget elementor-widget-heading\" data-id=\"30f5365\" data-element_type=\"widget\" data-e-type=\"widget\" data-widget_type=\"heading.default\">\n\t\t\t\t\t<h5 class=\"elementor-heading-title elementor-size-default\">Las Estacas<\/h5>\t\t\t\t<\/div>\n\t\t\t\t<div class=\"elementor-element elementor-element-a0997c1 elementor-widget elementor-widget-text-editor\" data-id=\"a0997c1\" data-element_type=\"widget\" data-e-type=\"widget\" data-widget_type=\"text-editor.default\">\n\t\t\t\t\t\t\t\t\t<p>Un r\u00edo cristalino de agua de manantial, perfecto para darse un refrescante ba\u00f1o.<\/p>\t\t\t\t\t\t\t\t<\/div>\n\t\t\t\t<\/div>\n\t\t\t\t<\/div>\n\t\t\t\t<\/a>\n\t\t\t\t<\/div>\n\t\t\t\t<\/div>\n\t\t\t\t\t<\/div>\n\t\t\t\t<\/div>\n\t\t<div class=\"elementor-element elementor-element-4730351 e-flex e-con-boxed e-con e-child\" data-id=\"4730351\" data-element_type=\"container\" data-e-type=\"container\">\n\t\t\t\t\t<div class=\"e-con-inner\">\n\t\t<div class=\"elementor-element elementor-element-23a7b50 e-con-full explore-options e-flex e-con e-child\" data-id=\"23a7b50\" data-element_type=\"container\" data-e-type=\"container\" data-settings=\"{&quot;background_background&quot;:&quot;classic&quot;}\">\n\t\t\t\t<div class=\"elementor-element elementor-element-8719cb4 elementor-widget elementor-widget-heading\" data-id=\"8719cb4\" data-element_type=\"widget\" data-e-type=\"widget\" data-widget_type=\"heading.default\">\n\t\t\t\t\t<h6 class=\"elementor-heading-title elementor-size-default\">LA CAPITAL<\/h6>\t\t\t\t<\/div>\n\t\t\t\t<div class=\"elementor-element elementor-element-eb39884 elementor-widget elementor-widget-heading\" data-id=\"eb39884\" data-element_type=\"widget\" data-e-type=\"widget\" data-widget_type=\"heading.default\">\n\t\t\t\t\t<h2 class=\"elementor-heading-title elementor-size-default\">Ciudad de Mexico<\/h2>\t\t\t\t<\/div>\n\t\t<div class=\"elementor-element elementor-element-fb69116 e-grid e-con-full e-con e-child\" data-id=\"fb69116\" data-element_type=\"container\" data-e-type=\"container\">\n\t\t<a class=\"elementor-element elementor-element-e65badc e-con-full e-flex e-con e-child\" data-id=\"e65badc\" data-element_type=\"container\" data-e-type=\"container\" data-settings=\"{&quot;background_background&quot;:&quot;classic&quot;}\" href=\"#\">\n\t\t<div class=\"elementor-element elementor-element-61b14e8 e-con-full e-flex e-con e-child\" data-id=\"61b14e8\" data-element_type=\"container\" data-e-type=\"container\">\n\t\t\t\t<div class=\"elementor-element elementor-element-56fc748 elementor-widget elementor-widget-image\" data-id=\"56fc748\" data-element_type=\"widget\" data-e-type=\"widget\" data-widget_type=\"image.default\">\n\t\t\t\t\t\t\t\t\t\t\t\t\t\t\t<img loading=\"lazy\" decoding=\"async\" width=\"500\" height=\"375\" src=\"https:\/\/nick.mosi.love\/wp-content\/uploads\/centro-historico.webp\" class=\"attachment-large size-large wp-image-554\" alt=\"\" srcset=\"https:\/\/nick.mosi.love\/wp-content\/uploads\/centro-historico.webp 500w, https:\/\/nick.mosi.love\/wp-content\/uploads\/centro-historico-300x225.webp 300w\" sizes=\"(max-width: 500px) 100vw, 500px\" \/>\t\t\t\t\t\t\t\t\t\t\t\t\t\t\t<\/div>\n\t\t<div class=\"elementor-element elementor-element-381d593 e-con-full e-flex e-con e-child\" data-id=\"381d593\" data-element_type=\"container\" data-e-type=\"container\" data-settings=\"{&quot;background_background&quot;:&quot;classic&quot;}\">\n\t\t\t\t<div class=\"elementor-element elementor-element-2ddbf0a elementor-widget elementor-widget-heading\" data-id=\"2ddbf0a\" data-element_type=\"widget\" data-e-type=\"widget\" data-widget_type=\"heading.default\">\n\t\t\t\t\t<h5 class=\"elementor-heading-title elementor-size-default\">Centro Hist\u00f3rico<\/h5>\t\t\t\t<\/div>\n\t\t\t\t<div class=\"elementor-element elementor-element-90be576 elementor-widget elementor-widget-text-editor\" data-id=\"90be576\" data-element_type=\"widget\" data-e-type=\"widget\" data-widget_type=\"text-editor.default\">\n\t\t\t\t\t\t\t\t\t<p>El coraz\u00f3n hist\u00f3rico con el Z\u00f3calo, el Templo Mayor y Bellas Artes.<\/p>\t\t\t\t\t\t\t\t<\/div>\n\t\t\t\t<\/div>\n\t\t\t\t<\/div>\n\t\t\t\t<\/a>\n\t\t<a class=\"elementor-element elementor-element-ccced67 e-con-full e-flex e-con e-child\" data-id=\"ccced67\" data-element_type=\"container\" data-e-type=\"container\" data-settings=\"{&quot;background_background&quot;:&quot;classic&quot;}\" href=\"#\">\n\t\t<div class=\"elementor-element elementor-element-857b5c1 e-con-full e-flex e-con e-child\" data-id=\"857b5c1\" data-element_type=\"container\" data-e-type=\"container\">\n\t\t\t\t<div class=\"elementor-element elementor-element-784cfdd elementor-widget elementor-widget-image\" data-id=\"784cfdd\" data-element_type=\"widget\" data-e-type=\"widget\" data-widget_type=\"image.default\">\n\t\t\t\t\t\t\t\t\t\t\t\t\t\t\t<img loading=\"lazy\" decoding=\"async\" width=\"500\" height=\"375\" src=\"https:\/\/nick.mosi.love\/wp-content\/uploads\/frida-kahlo-2.webp\" class=\"attachment-large size-large wp-image-569\" alt=\"\" srcset=\"https:\/\/nick.mosi.love\/wp-content\/uploads\/frida-kahlo-2.webp 500w, https:\/\/nick.mosi.love\/wp-content\/uploads\/frida-kahlo-2-300x225.webp 300w\" sizes=\"(max-width: 500px) 100vw, 500px\" \/>\t\t\t\t\t\t\t\t\t\t\t\t\t\t\t<\/div>\n\t\t<div class=\"elementor-element elementor-element-03d7823 e-con-full e-flex e-con e-child\" data-id=\"03d7823\" data-element_type=\"container\" data-e-type=\"container\" data-settings=\"{&quot;background_background&quot;:&quot;classic&quot;}\">\n\t\t\t\t<div class=\"elementor-element elementor-element-99a836e elementor-widget elementor-widget-heading\" data-id=\"99a836e\" data-element_type=\"widget\" data-e-type=\"widget\" data-widget_type=\"heading.default\">\n\t\t\t\t\t<h5 class=\"elementor-heading-title elementor-size-default\">Coyoac\u00e1n y el Museo Frida Kahlo<\/h5>\t\t\t\t<\/div>\n\t\t\t\t<div class=\"elementor-element elementor-element-b51931f elementor-widget elementor-widget-text-editor\" data-id=\"b51931f\" data-element_type=\"widget\" data-e-type=\"widget\" data-widget_type=\"text-editor.default\">\n\t\t\t\t\t\t\t\t\t<p>Un barrio bohemio de calles empedradas, plazas vibrantes y la Casa Azul (el Museo Frida Kahlo).<\/p><p>FYI: Casa Azul es muy popular, por lo que necesitar\u00e1s reservar tu entrada con unas semanas de anticipaci\u00f3n.<\/p>\t\t\t\t\t\t\t\t<\/div>\n\t\t\t\t<\/div>\n\t\t\t\t<\/div>\n\t\t\t\t<\/a>\n\t\t<a class=\"elementor-element elementor-element-2f1c0d9 e-con-full e-flex e-con e-child\" data-id=\"2f1c0d9\" data-element_type=\"container\" data-e-type=\"container\" data-settings=\"{&quot;background_background&quot;:&quot;classic&quot;}\" href=\"#\">\n\t\t<div class=\"elementor-element elementor-element-21c98b9 e-con-full e-flex e-con e-child\" data-id=\"21c98b9\" data-element_type=\"container\" data-e-type=\"container\">\n\t\t\t\t<div class=\"elementor-element elementor-element-a17e2ae elementor-widget elementor-widget-image\" data-id=\"a17e2ae\" data-element_type=\"widget\" data-e-type=\"widget\" data-widget_type=\"image.default\">\n\t\t\t\t\t\t\t\t\t\t\t\t\t\t\t<img loading=\"lazy\" decoding=\"async\" width=\"500\" height=\"375\" src=\"https:\/\/nick.mosi.love\/wp-content\/uploads\/anthropology.webp\" class=\"attachment-large size-large wp-image-578\" alt=\"\" srcset=\"https:\/\/nick.mosi.love\/wp-content\/uploads\/anthropology.webp 500w, https:\/\/nick.mosi.love\/wp-content\/uploads\/anthropology-300x225.webp 300w\" sizes=\"(max-width: 500px) 100vw, 500px\" \/>\t\t\t\t\t\t\t\t\t\t\t\t\t\t\t<\/div>\n\t\t<div class=\"elementor-element elementor-element-3b106b6 e-con-full e-flex e-con e-child\" data-id=\"3b106b6\" data-element_type=\"container\" data-e-type=\"container\" data-settings=\"{&quot;background_background&quot;:&quot;classic&quot;}\">\n\t\t\t\t<div class=\"elementor-element elementor-element-ccf5958 elementor-widget elementor-widget-heading\" data-id=\"ccf5958\" data-element_type=\"widget\" data-e-type=\"widget\" data-widget_type=\"heading.default\">\n\t\t\t\t\t<h5 class=\"elementor-heading-title elementor-size-default\">Chapultepec y el Museo de Antropolog\u00eda<\/h5>\t\t\t\t<\/div>\n\t\t\t\t<div class=\"elementor-element elementor-element-e498ed2 elementor-widget elementor-widget-text-editor\" data-id=\"e498ed2\" data-element_type=\"widget\" data-e-type=\"widget\" data-widget_type=\"text-editor.default\">\n\t\t\t\t\t\t\t\t\t<p>Un parque arbolado gigantesco y el mundialmente famoso Museo Nacional de Antropolog\u00eda.<\/p>\t\t\t\t\t\t\t\t<\/div>\n\t\t\t\t<\/div>\n\t\t\t\t<\/div>\n\t\t\t\t<\/a>\n\t\t<a class=\"elementor-element elementor-element-f5700e4 e-con-full e-flex e-con e-child\" data-id=\"f5700e4\" data-element_type=\"container\" data-e-type=\"container\" data-settings=\"{&quot;background_background&quot;:&quot;classic&quot;}\" href=\"#\">\n\t\t<div class=\"elementor-element elementor-element-3883a0b e-con-full e-flex e-con e-child\" data-id=\"3883a0b\" data-element_type=\"container\" data-e-type=\"container\">\n\t\t\t\t<div class=\"elementor-element elementor-element-6b1000c elementor-widget elementor-widget-image\" data-id=\"6b1000c\" data-element_type=\"widget\" data-e-type=\"widget\" data-widget_type=\"image.default\">\n\t\t\t\t\t\t\t\t\t\t\t\t\t\t\t<img loading=\"lazy\" decoding=\"async\" width=\"500\" height=\"375\" src=\"https:\/\/nick.mosi.love\/wp-content\/uploads\/xochimilco.webp\" class=\"attachment-large size-large wp-image-582\" alt=\"\" srcset=\"https:\/\/nick.mosi.love\/wp-content\/uploads\/xochimilco.webp 500w, https:\/\/nick.mosi.love\/wp-content\/uploads\/xochimilco-300x225.webp 300w\" sizes=\"(max-width: 500px) 100vw, 500px\" \/>\t\t\t\t\t\t\t\t\t\t\t\t\t\t\t<\/div>\n\t\t<div class=\"elementor-element elementor-element-8e493c5 e-con-full e-flex e-con e-child\" data-id=\"8e493c5\" data-element_type=\"container\" data-e-type=\"container\" data-settings=\"{&quot;background_background&quot;:&quot;classic&quot;}\">\n\t\t\t\t<div class=\"elementor-element elementor-element-8495a72 elementor-widget elementor-widget-heading\" data-id=\"8495a72\" data-element_type=\"widget\" data-e-type=\"widget\" data-widget_type=\"heading.default\">\n\t\t\t\t\t<h5 class=\"elementor-heading-title elementor-size-default\">Xochimilco<\/h5>\t\t\t\t<\/div>\n\t\t\t\t<div class=\"elementor-element elementor-element-2280888 elementor-widget elementor-widget-text-editor\" data-id=\"2280888\" data-element_type=\"widget\" data-e-type=\"widget\" data-widget_type=\"text-editor.default\">\n\t\t\t\t\t\t\t\t\t<p>Antiguos jardines flotantes aztecas donde navegas por los canales en una colorida trajinera. Una experiencia por excelencia en la Ciudad de M\u00e9xico.<\/p>\t\t\t\t\t\t\t\t<\/div>\n\t\t\t\t<\/div>\n\t\t\t\t<\/div>\n\t\t\t\t<\/a>\n\t\t<a class=\"elementor-element elementor-element-61e9a4a e-con-full e-flex e-con e-child\" data-id=\"61e9a4a\" data-element_type=\"container\" data-e-type=\"container\" data-settings=\"{&quot;background_background&quot;:&quot;classic&quot;}\" href=\"#\">\n\t\t<div class=\"elementor-element elementor-element-7e0e005 e-con-full e-flex e-con e-child\" data-id=\"7e0e005\" data-element_type=\"container\" data-e-type=\"container\">\n\t\t\t\t<div class=\"elementor-element elementor-element-c42aae3 elementor-widget elementor-widget-image\" data-id=\"c42aae3\" data-element_type=\"widget\" data-e-type=\"widget\" data-widget_type=\"image.default\">\n\t\t\t\t\t\t\t\t\t\t\t\t\t\t\t<img loading=\"lazy\" decoding=\"async\" width=\"500\" height=\"375\" src=\"https:\/\/nick.mosi.love\/wp-content\/uploads\/paseo-de-la-reforma.webp\" class=\"attachment-large size-large wp-image-586\" alt=\"\" srcset=\"https:\/\/nick.mosi.love\/wp-content\/uploads\/paseo-de-la-reforma.webp 500w, https:\/\/nick.mosi.love\/wp-content\/uploads\/paseo-de-la-reforma-300x225.webp 300w\" sizes=\"(max-width: 500px) 100vw, 500px\" \/>\t\t\t\t\t\t\t\t\t\t\t\t\t\t\t<\/div>\n\t\t<div class=\"elementor-element elementor-element-8a0641b e-con-full e-flex e-con e-child\" data-id=\"8a0641b\" data-element_type=\"container\" data-e-type=\"container\" data-settings=\"{&quot;background_background&quot;:&quot;classic&quot;}\">\n\t\t\t\t<div class=\"elementor-element elementor-element-aefcaaa elementor-widget elementor-widget-heading\" data-id=\"aefcaaa\" data-element_type=\"widget\" data-e-type=\"widget\" data-widget_type=\"heading.default\">\n\t\t\t\t\t<h5 class=\"elementor-heading-title elementor-size-default\">Paseo de la Reforma<\/h5>\t\t\t\t<\/div>\n\t\t\t\t<div class=\"elementor-element elementor-element-060683a elementor-widget elementor-widget-text-editor\" data-id=\"060683a\" data-element_type=\"widget\" data-e-type=\"widget\" data-widget_type=\"text-editor.default\">\n\t\t\t\t\t\t\t\t\t<p>El gran bulevar de la ciudad, lleno de monumentos y famoso por cerrarse a los coches los domingos por la ma\u00f1ana, lo que lo hace ideal para ciclistas y corredores.<\/p>\t\t\t\t\t\t\t\t<\/div>\n\t\t\t\t<\/div>\n\t\t\t\t<\/div>\n\t\t\t\t<\/a>\n\t\t<a class=\"elementor-element elementor-element-fa64c31 e-con-full e-flex e-con e-child\" data-id=\"fa64c31\" data-element_type=\"container\" data-e-type=\"container\" data-settings=\"{&quot;background_background&quot;:&quot;classic&quot;}\" href=\"#\">\n\t\t<div class=\"elementor-element elementor-element-5b0b55a e-con-full e-flex e-con e-child\" data-id=\"5b0b55a\" data-element_type=\"container\" data-e-type=\"container\">\n\t\t\t\t<div class=\"elementor-element elementor-element-f130a96 elementor-widget elementor-widget-image\" data-id=\"f130a96\" data-element_type=\"widget\" data-e-type=\"widget\" data-widget_type=\"image.default\">\n\t\t\t\t\t\t\t\t\t\t\t\t\t\t\t<img loading=\"lazy\" decoding=\"async\" width=\"500\" height=\"375\" src=\"https:\/\/nick.mosi.love\/wp-content\/uploads\/hot-air.webp\" class=\"attachment-large size-large wp-image-555\" alt=\"\" srcset=\"https:\/\/nick.mosi.love\/wp-content\/uploads\/hot-air.webp 500w, https:\/\/nick.mosi.love\/wp-content\/uploads\/hot-air-300x225.webp 300w\" sizes=\"(max-width: 500px) 100vw, 500px\" \/>\t\t\t\t\t\t\t\t\t\t\t\t\t\t\t<\/div>\n\t\t<div class=\"elementor-element elementor-element-a291758 e-con-full e-flex e-con e-child\" data-id=\"a291758\" data-element_type=\"container\" data-e-type=\"container\" data-settings=\"{&quot;background_background&quot;:&quot;classic&quot;}\">\n\t\t\t\t<div class=\"elementor-element elementor-element-68b2eba elementor-widget elementor-widget-heading\" data-id=\"68b2eba\" data-element_type=\"widget\" data-e-type=\"widget\" data-widget_type=\"heading.default\">\n\t\t\t\t\t<h5 class=\"elementor-heading-title elementor-size-default\">Vuelo en globo aerost\u00e1tico y tour guiado por Teotihuac\u00e1n<\/h5>\t\t\t\t<\/div>\n\t\t\t\t<div class=\"elementor-element elementor-element-0076688 elementor-widget elementor-widget-text-editor\" data-id=\"0076688\" data-element_type=\"widget\" data-e-type=\"widget\" data-widget_type=\"text-editor.default\">\n\t\t\t\t\t\t\t\t\t<p><span style=\"color: #bfa755;\">La selecci\u00f3n de Nick:<\/span> Transportaci\u00f3n, vuelo en globo sobre Teotihuac\u00e1n, desayuno en La Cueva y tour guiado por las pir\u00e1mides.<\/p>\t\t\t\t\t\t\t\t<\/div>\n\t\t\t\t<\/div>\n\t\t\t\t<\/div>\n\t\t\t\t<\/a>\n\t\t<a class=\"elementor-element elementor-element-314d85a e-con-full e-flex e-con e-child\" data-id=\"314d85a\" data-element_type=\"container\" data-e-type=\"container\" data-settings=\"{&quot;background_background&quot;:&quot;classic&quot;}\" href=\"#\">\n\t\t<div class=\"elementor-element elementor-element-13e9b13 e-con-full e-flex e-con e-child\" data-id=\"13e9b13\" data-element_type=\"container\" data-e-type=\"container\">\n\t\t\t\t<div class=\"elementor-element elementor-element-3292fc9 elementor-widget elementor-widget-image\" data-id=\"3292fc9\" data-element_type=\"widget\" data-e-type=\"widget\" data-widget_type=\"image.default\">\n\t\t\t\t\t\t\t\t\t\t\t\t\t\t\t<img loading=\"lazy\" decoding=\"async\" width=\"500\" height=\"375\" src=\"https:\/\/nick.mosi.love\/wp-content\/uploads\/casa-de-los-azulejos.webp\" class=\"attachment-large size-large wp-image-590\" alt=\"\" srcset=\"https:\/\/nick.mosi.love\/wp-content\/uploads\/casa-de-los-azulejos.webp 500w, https:\/\/nick.mosi.love\/wp-content\/uploads\/casa-de-los-azulejos-300x225.webp 300w\" sizes=\"(max-width: 500px) 100vw, 500px\" \/>\t\t\t\t\t\t\t\t\t\t\t\t\t\t\t<\/div>\n\t\t<div class=\"elementor-element elementor-element-bed5437 e-con-full e-flex e-con e-child\" data-id=\"bed5437\" data-element_type=\"container\" data-e-type=\"container\" data-settings=\"{&quot;background_background&quot;:&quot;classic&quot;}\">\n\t\t\t\t<div class=\"elementor-element elementor-element-c31fb91 elementor-widget elementor-widget-heading\" data-id=\"c31fb91\" data-element_type=\"widget\" data-e-type=\"widget\" data-widget_type=\"heading.default\">\n\t\t\t\t\t<h5 class=\"elementor-heading-title elementor-size-default\">Casa de los Azulejos<\/h5>\t\t\t\t<\/div>\n\t\t\t\t<div class=\"elementor-element elementor-element-be6c9b0 elementor-widget elementor-widget-text-editor\" data-id=\"be6c9b0\" data-element_type=\"widget\" data-e-type=\"widget\" data-widget_type=\"text-editor.default\">\n\t\t\t\t\t\t\t\t\t<p>Una impresionante mansi\u00f3n del siglo XVIII revestida de azulejos de Talavera, que hoy alberga a Sanborns: una pieza imperdible del patrimonio arquitect\u00f3nico de la ciudad.<\/p>\t\t\t\t\t\t\t\t<\/div>\n\t\t\t\t<\/div>\n\t\t\t\t<\/div>\n\t\t\t\t<\/a>\n\t\t\t\t<\/div>\n\t\t\t\t<\/div>\n\t\t\t\t\t<\/div>\n\t\t\t\t<\/div>\n\t\t<div class=\"elementor-element elementor-element-0776768 e-flex e-con-boxed e-con e-child\" data-id=\"0776768\" data-element_type=\"container\" data-e-type=\"container\" data-settings=\"{&quot;background_background&quot;:&quot;classic&quot;}\">\n\t\t\t\t\t<div class=\"e-con-inner\">\n\t\t<div class=\"elementor-element elementor-element-58cf055 e-con-full explore-options e-flex e-con e-child\" data-id=\"58cf055\" data-element_type=\"container\" data-e-type=\"container\">\n\t\t\t\t<div class=\"elementor-element elementor-element-94c2526 elementor-widget elementor-widget-heading\" data-id=\"94c2526\" data-element_type=\"widget\" data-e-type=\"widget\" data-widget_type=\"heading.default\">\n\t\t\t\t\t<h6 class=\"elementor-heading-title elementor-size-default\">M\u00c1S ALL\u00c1<\/h6>\t\t\t\t<\/div>\n\t\t\t\t<div class=\"elementor-element elementor-element-b04aebf elementor-widget elementor-widget-heading\" data-id=\"b04aebf\" data-element_type=\"widget\" data-e-type=\"widget\" data-widget_type=\"heading.default\">\n\t\t\t\t\t<h2 class=\"elementor-heading-title elementor-size-default\">Excursiones de un d\u00eda y m\u00e1s all\u00e1<\/h2>\t\t\t\t<\/div>\n\t\t<div class=\"elementor-element elementor-element-62d7ed6 e-grid e-con-full e-con e-child\" data-id=\"62d7ed6\" data-element_type=\"container\" data-e-type=\"container\">\n\t\t<a class=\"elementor-element elementor-element-b600ae4 e-con-full e-flex e-con e-child\" data-id=\"b600ae4\" data-element_type=\"container\" data-e-type=\"container\" href=\"#\">\n\t\t<div class=\"elementor-element elementor-element-c568595 e-con-full e-flex e-con e-child\" data-id=\"c568595\" data-element_type=\"container\" data-e-type=\"container\">\n\t\t\t\t<div class=\"elementor-element elementor-element-f5416a9 elementor-widget elementor-widget-image\" data-id=\"f5416a9\" data-element_type=\"widget\" data-e-type=\"widget\" data-widget_type=\"image.default\">\n\t\t\t\t\t\t\t\t\t\t\t\t\t\t\t<img loading=\"lazy\" decoding=\"async\" width=\"500\" height=\"375\" src=\"https:\/\/nick.mosi.love\/wp-content\/uploads\/puebla.webp\" class=\"attachment-large size-large wp-image-598\" alt=\"\" srcset=\"https:\/\/nick.mosi.love\/wp-content\/uploads\/puebla.webp 500w, https:\/\/nick.mosi.love\/wp-content\/uploads\/puebla-300x225.webp 300w\" sizes=\"(max-width: 500px) 100vw, 500px\" \/>\t\t\t\t\t\t\t\t\t\t\t\t\t\t\t<\/div>\n\t\t<div class=\"elementor-element elementor-element-da416ee e-con-full e-flex e-con e-child\" data-id=\"da416ee\" data-element_type=\"container\" data-e-type=\"container\" data-settings=\"{&quot;background_background&quot;:&quot;classic&quot;}\">\n\t\t\t\t<div class=\"elementor-element elementor-element-2b48d8b elementor-widget elementor-widget-heading\" data-id=\"2b48d8b\" data-element_type=\"widget\" data-e-type=\"widget\" data-widget_type=\"heading.default\">\n\t\t\t\t\t<h5 class=\"elementor-heading-title elementor-size-default\">Puebla<\/h5>\t\t\t\t<\/div>\n\t\t\t\t<div class=\"elementor-element elementor-element-e2c6270 elementor-widget elementor-widget-text-editor\" data-id=\"e2c6270\" data-element_type=\"widget\" data-e-type=\"widget\" data-widget_type=\"text-editor.default\">\n\t\t\t\t\t\t\t\t\t<p>Una ciudad declarada Patrimonio de la Humanidad por la UNESCO, ubicada a dos horas de distancia y famosa por su arquitectura barroca, su cer\u00e1mica de Talavera y el tradicional mole poblano.<\/p>\t\t\t\t\t\t\t\t<\/div>\n\t\t\t\t<\/div>\n\t\t\t\t<\/div>\n\t\t\t\t<\/a>\n\t\t<a class=\"elementor-element elementor-element-21b92de e-con-full e-flex e-con e-child\" data-id=\"21b92de\" data-element_type=\"container\" data-e-type=\"container\" href=\"#\">\n\t\t<div class=\"elementor-element elementor-element-bac6773 e-con-full e-flex e-con e-child\" data-id=\"bac6773\" data-element_type=\"container\" data-e-type=\"container\">\n\t\t\t\t<div class=\"elementor-element elementor-element-a0e49c8 elementor-widget elementor-widget-image\" data-id=\"a0e49c8\" data-element_type=\"widget\" data-e-type=\"widget\" data-widget_type=\"image.default\">\n\t\t\t\t\t\t\t\t\t\t\t\t\t\t\t<img loading=\"lazy\" decoding=\"async\" width=\"500\" height=\"375\" src=\"https:\/\/nick.mosi.love\/wp-content\/uploads\/val-quirico.webp\" class=\"attachment-large size-large wp-image-603\" alt=\"\" srcset=\"https:\/\/nick.mosi.love\/wp-content\/uploads\/val-quirico.webp 500w, https:\/\/nick.mosi.love\/wp-content\/uploads\/val-quirico-300x225.webp 300w\" sizes=\"(max-width: 500px) 100vw, 500px\" \/>\t\t\t\t\t\t\t\t\t\t\t\t\t\t\t<\/div>\n\t\t<div class=\"elementor-element elementor-element-824f68f e-con-full e-flex e-con e-child\" data-id=\"824f68f\" data-element_type=\"container\" data-e-type=\"container\" data-settings=\"{&quot;background_background&quot;:&quot;classic&quot;}\">\n\t\t\t\t<div class=\"elementor-element elementor-element-a32b019 elementor-widget elementor-widget-heading\" data-id=\"a32b019\" data-element_type=\"widget\" data-e-type=\"widget\" data-widget_type=\"heading.default\">\n\t\t\t\t\t<h5 class=\"elementor-heading-title elementor-size-default\">Val'Quirico<\/h5>\t\t\t\t<\/div>\n\t\t\t\t<div class=\"elementor-element elementor-element-9d4aa68 elementor-widget elementor-widget-text-editor\" data-id=\"9d4aa68\" data-element_type=\"widget\" data-e-type=\"widget\" data-widget_type=\"text-editor.default\">\n\t\t\t\t\t\t\t\t\t<p>Un encantador pueblo de inspiraci\u00f3n italiana en las colinas de Tlaxcala, con plazas empedradas, hoteles boutique y vistas panor\u00e9micas a las monta\u00f1as.<\/p>\t\t\t\t\t\t\t\t<\/div>\n\t\t\t\t<\/div>\n\t\t\t\t<\/div>\n\t\t\t\t<\/a>\n\t\t<a class=\"elementor-element elementor-element-300e1a7 e-con-full e-flex e-con e-child\" data-id=\"300e1a7\" data-element_type=\"container\" data-e-type=\"container\" href=\"#\">\n\t\t<div class=\"elementor-element elementor-element-cb6f7cc e-con-full e-flex e-con e-child\" data-id=\"cb6f7cc\" data-element_type=\"container\" data-e-type=\"container\">\n\t\t\t\t<div class=\"elementor-element elementor-element-533e38e elementor-widget elementor-widget-image\" data-id=\"533e38e\" data-element_type=\"widget\" data-e-type=\"widget\" data-widget_type=\"image.default\">\n\t\t\t\t\t\t\t\t\t\t\t\t\t\t\t<img loading=\"lazy\" decoding=\"async\" width=\"500\" height=\"375\" src=\"https:\/\/nick.mosi.love\/wp-content\/uploads\/grutas-de-cacahuamilpa.webp\" class=\"attachment-large size-large wp-image-599\" alt=\"\" srcset=\"https:\/\/nick.mosi.love\/wp-content\/uploads\/grutas-de-cacahuamilpa.webp 500w, https:\/\/nick.mosi.love\/wp-content\/uploads\/grutas-de-cacahuamilpa-300x225.webp 300w\" sizes=\"(max-width: 500px) 100vw, 500px\" \/>\t\t\t\t\t\t\t\t\t\t\t\t\t\t\t<\/div>\n\t\t<div class=\"elementor-element elementor-element-df9cc5e e-con-full e-flex e-con e-child\" data-id=\"df9cc5e\" data-element_type=\"container\" data-e-type=\"container\" data-settings=\"{&quot;background_background&quot;:&quot;classic&quot;}\">\n\t\t\t\t<div class=\"elementor-element elementor-element-dc084d0 elementor-widget elementor-widget-heading\" data-id=\"dc084d0\" data-element_type=\"widget\" data-e-type=\"widget\" data-widget_type=\"heading.default\">\n\t\t\t\t\t<h5 class=\"elementor-heading-title elementor-size-default\">Grutas de Cacahuamilpa<\/h5>\t\t\t\t<\/div>\n\t\t\t\t<div class=\"elementor-element elementor-element-0458bee elementor-widget elementor-widget-text-editor\" data-id=\"0458bee\" data-element_type=\"widget\" data-e-type=\"widget\" data-widget_type=\"text-editor.default\">\n\t\t\t\t\t\t\t\t\t<p>Uno de los sistemas de cuevas m\u00e1s grandes del mundo: un espectacular mundo subterr\u00e1neo de imponentes estalactitas a solo 90 minutos de Cuernavaca.<\/p>\t\t\t\t\t\t\t\t<\/div>\n\t\t\t\t<\/div>\n\t\t\t\t<\/div>\n\t\t\t\t<\/a>\n\t\t<a class=\"elementor-element elementor-element-8cce37d e-con-full e-flex e-con e-child\" data-id=\"8cce37d\" data-element_type=\"container\" data-e-type=\"container\" href=\"#\">\n\t\t<div class=\"elementor-element elementor-element-0f2dc16 e-con-full e-flex e-con e-child\" data-id=\"0f2dc16\" data-element_type=\"container\" data-e-type=\"container\">\n\t\t\t\t<div class=\"elementor-element elementor-element-b530f14 elementor-widget elementor-widget-image\" data-id=\"b530f14\" data-element_type=\"widget\" data-e-type=\"widget\" data-widget_type=\"image.default\">\n\t\t\t\t\t\t\t\t\t\t\t\t\t\t\t<img loading=\"lazy\" decoding=\"async\" width=\"500\" height=\"375\" src=\"https:\/\/nick.mosi.love\/wp-content\/uploads\/taxco.webp\" class=\"attachment-large size-large wp-image-602\" alt=\"\" srcset=\"https:\/\/nick.mosi.love\/wp-content\/uploads\/taxco.webp 500w, https:\/\/nick.mosi.love\/wp-content\/uploads\/taxco-300x225.webp 300w\" sizes=\"(max-width: 500px) 100vw, 500px\" \/>\t\t\t\t\t\t\t\t\t\t\t\t\t\t\t<\/div>\n\t\t<div class=\"elementor-element elementor-element-cc16c5c e-con-full e-flex e-con e-child\" data-id=\"cc16c5c\" data-element_type=\"container\" data-e-type=\"container\" data-settings=\"{&quot;background_background&quot;:&quot;classic&quot;}\">\n\t\t\t\t<div class=\"elementor-element elementor-element-fa715ff elementor-widget elementor-widget-heading\" data-id=\"fa715ff\" data-element_type=\"widget\" data-e-type=\"widget\" data-widget_type=\"heading.default\">\n\t\t\t\t\t<h5 class=\"elementor-heading-title elementor-size-default\">Taxco<\/h5>\t\t\t\t<\/div>\n\t\t\t\t<div class=\"elementor-element elementor-element-5245fd7 elementor-widget elementor-widget-text-editor\" data-id=\"5245fd7\" data-element_type=\"widget\" data-e-type=\"widget\" data-widget_type=\"text-editor.default\">\n\t\t\t\t\t\t\t\t\t<p>Una ciudad minera de plata aferrada a colinas empedradas, con arquitectura colonial, talleres artesanales y un impresionante paisaje monta\u00f1oso que vale la pena el viaje.<\/p>\t\t\t\t\t\t\t\t<\/div>\n\t\t\t\t<\/div>\n\t\t\t\t<\/div>\n\t\t\t\t<\/a>\n\t\t<a class=\"elementor-element elementor-element-5d3f51a e-con-full e-flex e-con e-child\" data-id=\"5d3f51a\" data-element_type=\"container\" data-e-type=\"container\" href=\"#\">\n\t\t<div class=\"elementor-element elementor-element-746dbcb e-con-full e-flex e-con e-child\" data-id=\"746dbcb\" data-element_type=\"container\" data-e-type=\"container\">\n\t\t\t\t<div class=\"elementor-element elementor-element-6ad57f6 elementor-widget elementor-widget-image\" data-id=\"6ad57f6\" data-element_type=\"widget\" data-e-type=\"widget\" data-widget_type=\"image.default\">\n\t\t\t\t\t\t\t\t\t\t\t\t\t\t\t<img loading=\"lazy\" decoding=\"async\" width=\"500\" height=\"375\" src=\"https:\/\/nick.mosi.love\/wp-content\/uploads\/iztaccihuatl.webp\" class=\"attachment-large size-large wp-image-604\" alt=\"\" srcset=\"https:\/\/nick.mosi.love\/wp-content\/uploads\/iztaccihuatl.webp 500w, https:\/\/nick.mosi.love\/wp-content\/uploads\/iztaccihuatl-300x225.webp 300w\" sizes=\"(max-width: 500px) 100vw, 500px\" \/>\t\t\t\t\t\t\t\t\t\t\t\t\t\t\t<\/div>\n\t\t<div class=\"elementor-element elementor-element-5357890 e-con-full e-flex e-con e-child\" data-id=\"5357890\" data-element_type=\"container\" data-e-type=\"container\" data-settings=\"{&quot;background_background&quot;:&quot;classic&quot;}\">\n\t\t\t\t<div class=\"elementor-element elementor-element-b00eb32 elementor-widget elementor-widget-heading\" data-id=\"b00eb32\" data-element_type=\"widget\" data-e-type=\"widget\" data-widget_type=\"heading.default\">\n\t\t\t\t\t<h5 class=\"elementor-heading-title elementor-size-default\">Caminata al Iztacc\u00edhuatl<\/h5>\t\t\t\t<\/div>\n\t\t\t\t<div class=\"elementor-element elementor-element-f73810c elementor-widget elementor-widget-text-editor\" data-id=\"f73810c\" data-element_type=\"widget\" data-e-type=\"widget\" data-widget_type=\"text-editor.default\">\n\t\t\t\t\t\t\t\t\t<p>Recorre las faldas de los emblem\u00e1ticos volcanes gemelos de M\u00e9xico para disfrutar de impresionantes vistas a gran altura; una de las grandes aventuras al aire libre del pa\u00eds.<\/p>\t\t\t\t\t\t\t\t<\/div>\n\t\t\t\t<\/div>\n\t\t\t\t<\/div>\n\t\t\t\t<\/a>\n\t\t\t\t<\/div>\n\t\t\t\t<\/div>\n\t\t\t\t\t<\/div>\n\t\t\t\t<\/div>\n\t\t\t\t<\/div>\n\t\t\t\t<\/div>","protected":false},"excerpt":{"rendered":"<p>Things to do IN THE CITY OF ETERNAL SPRING Make a trip of it. Here are our favorite ways to [&hellip;]<\/p>\n","protected":false},"author":1,"featured_media":0,"parent":0,"menu_order":0,"comment_status":"closed","ping_status":"closed","template":"","meta":{"site-sidebar-layout":"no-sidebar","site-content-layout":"","ast-site-content-layout":"full-width-container","site-content-style":"default","site-sidebar-style":"default","ast-global-header-display":"","ast-banner-title-visibility":"","ast-main-header-display":"","ast-hfb-above-header-display":"","ast-hfb-below-header-display":"","ast-hfb-mobile-header-display":"","site-post-title":"","ast-breadcrumbs-content":"","ast-featured-img":"disabled","footer-sml-layout":"","ast-disable-related-posts":"","theme-transparent-header-meta":"","adv-header-id-meta":"","stick-header-meta":"","header-above-stick-meta":"","header-main-stick-meta":"","header-below-stick-meta":"","astra-migrate-meta-layouts":"default","ast-page-background-enabled":"default","ast-page-background-meta":{"desktop":{"background-color":"var(--ast-global-color-5)","background-image":"","background-repeat":"repeat","background-position":"center center","background-size":"auto","background-attachment":"scroll","background-type":"","background-media":"","overlay-type":"","overlay-color":"","overlay-opacity":"","overlay-gradient":""},"tablet":{"background-color":"","background-image":"","background-repeat":"repeat","background-position":"center center","background-size":"auto","background-attachment":"scroll","background-type":"","background-media":"","overlay-type":"","overlay-color":"","overlay-opacity":"","overlay-gradient":""},"mobile":{"background-color":"","background-image":"","background-repeat":"repeat","background-position":"center center","background-size":"auto","background-attachment":"scroll","background-type":"","background-media":"","overlay-type":"","overlay-color":"","overlay-opacity":"","overlay-gradient":""}},"ast-content-background-meta":{"desktop":{"background-color":"var(--ast-global-color-4)","background-image":"","background-repeat":"repeat","background-position":"center center","background-size":"auto","background-attachment":"scroll","background-type":"","background-media":"","overlay-type":"","overlay-color":"","overlay-opacity":"","overlay-gradient":""},"tablet":{"background-color":"var(--ast-global-color-4)","background-image":"","background-repeat":"repeat","background-position":"center center","background-size":"auto","background-attachment":"scroll","background-type":"","background-media":"","overlay-type":"","overlay-color":"","overlay-opacity":"","overlay-gradient":""},"mobile":{"background-color":"var(--ast-global-color-4)","background-image":"","background-repeat":"repeat","background-position":"center center","background-size":"auto","background-attachment":"scroll","background-type":"","background-media":"","overlay-type":"","overlay-color":"","overlay-opacity":"","overlay-gradient":""}},"footnotes":""},"class_list":["post-27","page","type-page","status-publish","hentry"],"_links":{"self":[{"href":"https:\/\/nick.mosi.love\/es\/wp-json\/wp\/v2\/pages\/27","targetHints":{"allow":["GET"]}}],"collection":[{"href":"https:\/\/nick.mosi.love\/es\/wp-json\/wp\/v2\/pages"}],"about":[{"href":"https:\/\/nick.mosi.love\/es\/wp-json\/wp\/v2\/types\/page"}],"author":[{"embeddable":true,"href":"https:\/\/nick.mosi.love\/es\/wp-json\/wp\/v2\/users\/1"}],"replies":[{"embeddable":true,"href":"https:\/\/nick.mosi.love\/es\/wp-json\/wp\/v2\/comments?post=27"}],"version-history":[{"count":10,"href":"https:\/\/nick.mosi.love\/es\/wp-json\/wp\/v2\/pages\/27\/revisions"}],"predecessor-version":[{"id":1456,"href":"https:\/\/nick.mosi.love\/es\/wp-json\/wp\/v2\/pages\/27\/revisions\/1456"}],"wp:attachment":[{"href":"https:\/\/nick.mosi.love\/es\/wp-json\/wp\/v2\/media?parent=27"}],"curies":[{"name":"wp","href":"https:\/\/api.w.org\/{rel}","templated":true}]}}